{"id":30404,"date":"2024-10-15T09:41:28","date_gmt":"2024-10-15T07:41:28","guid":{"rendered":"https:\/\/www.hasparren-rugby.eus\/?post_type=album&#038;p=30404"},"modified":"2024-10-16T09:11:36","modified_gmt":"2024-10-16T07:11:36","slug":"3eme-journee-de-brassage-pour-nos-cadets","status":"publish","type":"album","link":"https:\/\/www.hasparren-rugby.eus\/eu\/mediatheque\/3eme-journee-de-brassage-pour-nos-cadets","title":{"rendered":"3\u00e8me Journ\u00e9e de brassage pour nos cadets"},"content":{"rendered":"<div class='photonic-flickr-stream photonic-stream ' id='photonic-flickr-stream-1'>\n\n\t<div id='photonic-flickr-stream-1-container' class='title-display-tooltip photonic-level-1-container sizes-present photonic-mosaic-layout photonic-thumbnail-effect-zoom' data-photonic-platform=\"flickr\" data-photonic-gallery-columns=\"auto\" data-photonic-query=\"columns=auto&amp;layout=mosaic&amp;display=local&amp;popup=hide&amp;filter=&amp;filter_type=include&amp;more=toutes les photos&amp;panel=&amp;custom_classes=&amp;alignment=&amp;photo_layout=square&amp;caption=title&amp;thumb_size=s&amp;main_size=o&amp;tile_size=same&amp;video_size=Video Original&amp;privacy_filter=&amp;count=5&amp;page=1&amp;paginate=&amp;collections_display=expanded&amp;user_id=90813602@N03&amp;collection_id=&amp;photoset_id=72177720321217242&amp;gallery_id=&amp;photo_id=&amp;media=all&amp;type=flickr&amp;style=default&amp;view=photosets&amp;iterate_level_3=1&amp;per_page=5&amp;photo_count=5&amp;overlay_size=s&amp;overlay_video_size=Video Original\">\n\t\t<figure class='photonic-level-1 photonic-thumb'>\n\t\t\t<a href='https:\/\/live.staticflickr.com\/65535\/54068243296_3f54eb8051_o.jpg' title='DSC_6397' rel='lightbox-photonic-flickr-stream-1' class='photonic-lb photonic-baguettebox baguettebox' data-photonic-media-type=\"image\" data-content-type=\"image\" data-photonic-deep=\"gallery[photonic-flickr-set-1]\/54068243296\/\" data-title=\"&lt;a href=&#039;https:\/\/www.flickr.com\/photos\/90813602@N03\/54068243296\/in\/set-72177720321217242&#039; &gt;DSC_6397&lt;\/a&gt;\" data-photonic-tooltip=\"DSC_6397\">\n\t\t\t\t<img alt='DSC_6397' class='mosaic' data-src='https:\/\/live.staticflickr.com\/65535\/54068243296_3f54eb8051_o.jpg' loading='lazy' width='6016' height='4016' \/>\n\t\t\t<\/a>\n\t\t<\/figure>\n\t\t<figure class='photonic-level-1 photonic-thumb'>\n\t\t\t<a href='https:\/\/live.staticflickr.com\/65535\/54068577084_420cc3f913_o.jpg' title='DSC_6398' rel='lightbox-photonic-flickr-stream-1' class='photonic-lb photonic-baguettebox baguettebox' data-photonic-media-type=\"image\" data-content-type=\"image\" data-photonic-deep=\"gallery[photonic-flickr-set-1]\/54068577084\/\" data-title=\"&lt;a href=&#039;https:\/\/www.flickr.com\/photos\/90813602@N03\/54068577084\/in\/set-72177720321217242&#039; &gt;DSC_6398&lt;\/a&gt;\" data-photonic-tooltip=\"DSC_6398\">\n\t\t\t\t<img alt='DSC_6398' class='mosaic' data-src='https:\/\/live.staticflickr.com\/65535\/54068577084_420cc3f913_o.jpg' loading='lazy' width='6016' height='4016' \/>\n\t\t\t<\/a>\n\t\t<\/figure>\n\t\t<figure class='photonic-level-1 photonic-thumb'>\n\t\t\t<a href='https:\/\/live.staticflickr.com\/65535\/54068501888_31f6230ca7_o.jpg' title='DSC_6399' rel='lightbox-photonic-flickr-stream-1' class='photonic-lb photonic-baguettebox baguettebox' data-photonic-media-type=\"image\" data-content-type=\"image\" data-photonic-deep=\"gallery[photonic-flickr-set-1]\/54068501888\/\" data-title=\"&lt;a href=&#039;https:\/\/www.flickr.com\/photos\/90813602@N03\/54068501888\/in\/set-72177720321217242&#039; &gt;DSC_6399&lt;\/a&gt;\" data-photonic-tooltip=\"DSC_6399\">\n\t\t\t\t<img alt='DSC_6399' class='mosaic' data-src='https:\/\/live.staticflickr.com\/65535\/54068501888_31f6230ca7_o.jpg' loading='lazy' width='6016' height='4016' \/>\n\t\t\t<\/a>\n\t\t<\/figure>\n\t\t<figure class='photonic-level-1 photonic-thumb'>\n\t\t\t<a href='https:\/\/live.staticflickr.com\/65535\/54068501853_9df7571bf0_o.jpg' title='DSC_6400' rel='lightbox-photonic-flickr-stream-1' class='photonic-lb photonic-baguettebox baguettebox' data-photonic-media-type=\"image\" data-content-type=\"image\" data-photonic-deep=\"gallery[photonic-flickr-set-1]\/54068501853\/\" data-title=\"&lt;a href=&#039;https:\/\/www.flickr.com\/photos\/90813602@N03\/54068501853\/in\/set-72177720321217242&#039; &gt;DSC_6400&lt;\/a&gt;\" data-photonic-tooltip=\"DSC_6400\">\n\t\t\t\t<img alt='DSC_6400' class='mosaic' data-src='https:\/\/live.staticflickr.com\/65535\/54068501853_9df7571bf0_o.jpg' loading='lazy' width='6016' height='4016' \/>\n\t\t\t<\/a>\n\t\t<\/figure>\n\t\t<figure class='photonic-level-1 photonic-thumb'>\n\t\t\t<a href='https:\/\/live.staticflickr.com\/65535\/54068243196_88d58c880f_o.jpg' title='DSC_6401' rel='lightbox-photonic-flickr-stream-1' class='photonic-lb photonic-baguettebox baguettebox' data-photonic-media-type=\"image\" data-content-type=\"image\" data-photonic-deep=\"gallery[photonic-flickr-set-1]\/54068243196\/\" data-title=\"&lt;a href=&#039;https:\/\/www.flickr.com\/photos\/90813602@N03\/54068243196\/in\/set-72177720321217242&#039; &gt;DSC_6401&lt;\/a&gt;\" data-photonic-tooltip=\"DSC_6401\">\n\t\t\t\t<img alt='DSC_6401' class='mosaic' data-src='https:\/\/live.staticflickr.com\/65535\/54068243196_88d58c880f_o.jpg' loading='lazy' width='6016' height='4016' \/>\n\t\t\t<\/a>\n\t\t<\/figure>\n\n\t<\/div> <!-- .\/photonic-level-1-container -->\n\t<span id='photonic-flickr-stream-1-container-end'><\/span>\n\t<a href='#' class='photonic-more-button photonic-more-dynamic'>toutes les photos<\/a>\n\n<\/div><!-- .photonic-stream or .photonic-panel -->\n","protected":false},"featured_media":30405,"template":"","categories":[66],"saison":[35],"class_list":["post-30404","album","type-album","status-publish","has-post-thumbnail","hentry","category-cadets","saison-2024-2025"],"acf":[],"yoast_head":"<!-- This site is optimized with the Yoast SEO plugin v27.4 - https:\/\/yoast.com\/product\/yoast-seo-wordpress\/ -->\n<title>3\u00e8me Journ\u00e9e de brassage pour nos cadets - Hasparren Athl\u00e9tic Club<\/title>\n<meta name=\"robots\" content=\"index, follow, max-snippet:-1, max-image-preview:large, max-video-preview:-1\" \/>\n<link rel=\"canonical\" href=\"https:\/\/www.hasparren-rugby.eus\/eu\/mediatheque\/3eme-journee-de-brassage-pour-nos-cadets\" \/>\n<meta property=\"og:locale\" content=\"eu_ES\" \/>\n<meta property=\"og:type\" content=\"article\" \/>\n<meta property=\"og:title\" content=\"3\u00e8me Journ\u00e9e de brassage pour nos cadets - Hasparren Athl\u00e9tic Club\" \/>\n<meta property=\"og:url\" content=\"https:\/\/www.hasparren-rugby.eus\/eu\/mediatheque\/3eme-journee-de-brassage-pour-nos-cadets\" \/>\n<meta property=\"og:site_name\" content=\"Hasparren Athl\u00e9tic Club\" \/>\n<meta property=\"article:modified_time\" content=\"2024-10-16T07:11:36+00:00\" \/>\n<meta property=\"og:image\" content=\"https:\/\/www.hasparren-rugby.eus\/wp-content\/uploads\/2024\/10\/DSC_6397-scaled.jpg\" \/>\n\t<meta property=\"og:image:width\" content=\"2560\" \/>\n\t<meta property=\"og:image:height\" content=\"1709\" \/>\n\t<meta property=\"og:image:type\" content=\"image\/jpeg\" \/>\n<meta name=\"twitter:card\" content=\"summary_large_image\" \/>\n<meta name=\"twitter:label1\" content=\"Est. reading time\" \/>\n\t<meta name=\"twitter:data1\" content=\"1 minute\" \/>\n<script type=\"application\/ld+json\" class=\"yoast-schema-graph\">{\"@context\":\"https:\\\/\\\/schema.org\",\"@graph\":[{\"@type\":\"WebPage\",\"@id\":\"https:\\\/\\\/www.hasparren-rugby.eus\\\/eu\\\/mediatheque\\\/3eme-journee-de-brassage-pour-nos-cadets\",\"url\":\"https:\\\/\\\/www.hasparren-rugby.eus\\\/eu\\\/mediatheque\\\/3eme-journee-de-brassage-pour-nos-cadets\",\"name\":\"3\u00e8me Journ\u00e9e de brassage pour nos cadets - Hasparren Athl\u00e9tic Club\",\"isPartOf\":{\"@id\":\"https:\\\/\\\/www.hasparren-rugby.eus\\\/eu#website\"},\"primaryImageOfPage\":{\"@id\":\"https:\\\/\\\/www.hasparren-rugby.eus\\\/eu\\\/mediatheque\\\/3eme-journee-de-brassage-pour-nos-cadets#primaryimage\"},\"image\":{\"@id\":\"https:\\\/\\\/www.hasparren-rugby.eus\\\/eu\\\/mediatheque\\\/3eme-journee-de-brassage-pour-nos-cadets#primaryimage\"},\"thumbnailUrl\":\"https:\\\/\\\/www.hasparren-rugby.eus\\\/wp-content\\\/uploads\\\/2024\\\/10\\\/DSC_6397-scaled.jpg\",\"datePublished\":\"2024-10-15T07:41:28+00:00\",\"dateModified\":\"2024-10-16T07:11:36+00:00\",\"breadcrumb\":{\"@id\":\"https:\\\/\\\/www.hasparren-rugby.eus\\\/eu\\\/mediatheque\\\/3eme-journee-de-brassage-pour-nos-cadets#breadcrumb\"},\"inLanguage\":\"eu-ES\",\"potentialAction\":[{\"@type\":\"ReadAction\",\"target\":[\"https:\\\/\\\/www.hasparren-rugby.eus\\\/eu\\\/mediatheque\\\/3eme-journee-de-brassage-pour-nos-cadets\"]}]},{\"@type\":\"ImageObject\",\"inLanguage\":\"eu-ES\",\"@id\":\"https:\\\/\\\/www.hasparren-rugby.eus\\\/eu\\\/mediatheque\\\/3eme-journee-de-brassage-pour-nos-cadets#primaryimage\",\"url\":\"https:\\\/\\\/www.hasparren-rugby.eus\\\/wp-content\\\/uploads\\\/2024\\\/10\\\/DSC_6397-scaled.jpg\",\"contentUrl\":\"https:\\\/\\\/www.hasparren-rugby.eus\\\/wp-content\\\/uploads\\\/2024\\\/10\\\/DSC_6397-scaled.jpg\",\"width\":2560,\"height\":1709},{\"@type\":\"BreadcrumbList\",\"@id\":\"https:\\\/\\\/www.hasparren-rugby.eus\\\/eu\\\/mediatheque\\\/3eme-journee-de-brassage-pour-nos-cadets#breadcrumb\",\"itemListElement\":[{\"@type\":\"ListItem\",\"position\":1,\"name\":\"Accueil\",\"item\":\"https:\\\/\\\/www.hasparren-rugby.eus\\\/eu\"},{\"@type\":\"ListItem\",\"position\":2,\"name\":\"Albums\",\"item\":\"https:\\\/\\\/www.hasparren-rugby.eus\\\/eu\\\/mediatheque\"},{\"@type\":\"ListItem\",\"position\":3,\"name\":\"3\u00e8me Journ\u00e9e de brassage pour nos cadets\"}]},{\"@type\":\"WebSite\",\"@id\":\"https:\\\/\\\/www.hasparren-rugby.eus\\\/eu#website\",\"url\":\"https:\\\/\\\/www.hasparren-rugby.eus\\\/eu\",\"name\":\"Hasparren Athl\u00e9tic Club\",\"description\":\"\",\"publisher\":{\"@id\":\"https:\\\/\\\/www.hasparren-rugby.eus\\\/eu#organization\"},\"potentialAction\":[{\"@type\":\"SearchAction\",\"target\":{\"@type\":\"EntryPoint\",\"urlTemplate\":\"https:\\\/\\\/www.hasparren-rugby.eus\\\/eu?s={search_term_string}\"},\"query-input\":{\"@type\":\"PropertyValueSpecification\",\"valueRequired\":true,\"valueName\":\"search_term_string\"}}],\"inLanguage\":\"eu-ES\"},{\"@type\":\"Organization\",\"@id\":\"https:\\\/\\\/www.hasparren-rugby.eus\\\/eu#organization\",\"name\":\"Hasparren Athl\u00e9tic Club\",\"url\":\"https:\\\/\\\/www.hasparren-rugby.eus\\\/eu\",\"logo\":{\"@type\":\"ImageObject\",\"inLanguage\":\"eu-ES\",\"@id\":\"https:\\\/\\\/www.hasparren-rugby.eus\\\/eu#\\\/schema\\\/logo\\\/image\\\/\",\"url\":\"https:\\\/\\\/www.hasparren-rugby.eus\\\/wp-content\\\/uploads\\\/2024\\\/03\\\/cropped-HAC-PNG.png\",\"contentUrl\":\"https:\\\/\\\/www.hasparren-rugby.eus\\\/wp-content\\\/uploads\\\/2024\\\/03\\\/cropped-HAC-PNG.png\",\"width\":759,\"height\":897,\"caption\":\"Hasparren Athl\u00e9tic Club\"},\"image\":{\"@id\":\"https:\\\/\\\/www.hasparren-rugby.eus\\\/eu#\\\/schema\\\/logo\\\/image\\\/\"}}]}<\/script>\n<!-- \/ Yoast SEO plugin. -->","yoast_head_json":{"title":"3\u00e8me Journ\u00e9e de brassage pour nos cadets - Hasparren Athl\u00e9tic Club","robots":{"index":"index","follow":"follow","max-snippet":"max-snippet:-1","max-image-preview":"max-image-preview:large","max-video-preview":"max-video-preview:-1"},"canonical":"https:\/\/www.hasparren-rugby.eus\/eu\/mediatheque\/3eme-journee-de-brassage-pour-nos-cadets","og_locale":"eu_ES","og_type":"article","og_title":"3\u00e8me Journ\u00e9e de brassage pour nos cadets - Hasparren Athl\u00e9tic Club","og_url":"https:\/\/www.hasparren-rugby.eus\/eu\/mediatheque\/3eme-journee-de-brassage-pour-nos-cadets","og_site_name":"Hasparren Athl\u00e9tic Club","article_modified_time":"2024-10-16T07:11:36+00:00","og_image":[{"width":2560,"height":1709,"url":"https:\/\/www.hasparren-rugby.eus\/wp-content\/uploads\/2024\/10\/DSC_6397-scaled.jpg","type":"image\/jpeg"}],"twitter_card":"summary_large_image","twitter_misc":{"Est. reading time":"1 minute"},"schema":{"@context":"https:\/\/schema.org","@graph":[{"@type":"WebPage","@id":"https:\/\/www.hasparren-rugby.eus\/eu\/mediatheque\/3eme-journee-de-brassage-pour-nos-cadets","url":"https:\/\/www.hasparren-rugby.eus\/eu\/mediatheque\/3eme-journee-de-brassage-pour-nos-cadets","name":"3\u00e8me Journ\u00e9e de brassage pour nos cadets - Hasparren Athl\u00e9tic Club","isPartOf":{"@id":"https:\/\/www.hasparren-rugby.eus\/eu#website"},"primaryImageOfPage":{"@id":"https:\/\/www.hasparren-rugby.eus\/eu\/mediatheque\/3eme-journee-de-brassage-pour-nos-cadets#primaryimage"},"image":{"@id":"https:\/\/www.hasparren-rugby.eus\/eu\/mediatheque\/3eme-journee-de-brassage-pour-nos-cadets#primaryimage"},"thumbnailUrl":"https:\/\/www.hasparren-rugby.eus\/wp-content\/uploads\/2024\/10\/DSC_6397-scaled.jpg","datePublished":"2024-10-15T07:41:28+00:00","dateModified":"2024-10-16T07:11:36+00:00","breadcrumb":{"@id":"https:\/\/www.hasparren-rugby.eus\/eu\/mediatheque\/3eme-journee-de-brassage-pour-nos-cadets#breadcrumb"},"inLanguage":"eu-ES","potentialAction":[{"@type":"ReadAction","target":["https:\/\/www.hasparren-rugby.eus\/eu\/mediatheque\/3eme-journee-de-brassage-pour-nos-cadets"]}]},{"@type":"ImageObject","inLanguage":"eu-ES","@id":"https:\/\/www.hasparren-rugby.eus\/eu\/mediatheque\/3eme-journee-de-brassage-pour-nos-cadets#primaryimage","url":"https:\/\/www.hasparren-rugby.eus\/wp-content\/uploads\/2024\/10\/DSC_6397-scaled.jpg","contentUrl":"https:\/\/www.hasparren-rugby.eus\/wp-content\/uploads\/2024\/10\/DSC_6397-scaled.jpg","width":2560,"height":1709},{"@type":"BreadcrumbList","@id":"https:\/\/www.hasparren-rugby.eus\/eu\/mediatheque\/3eme-journee-de-brassage-pour-nos-cadets#breadcrumb","itemListElement":[{"@type":"ListItem","position":1,"name":"Accueil","item":"https:\/\/www.hasparren-rugby.eus\/eu"},{"@type":"ListItem","position":2,"name":"Albums","item":"https:\/\/www.hasparren-rugby.eus\/eu\/mediatheque"},{"@type":"ListItem","position":3,"name":"3\u00e8me Journ\u00e9e de brassage pour nos cadets"}]},{"@type":"WebSite","@id":"https:\/\/www.hasparren-rugby.eus\/eu#website","url":"https:\/\/www.hasparren-rugby.eus\/eu","name":"Hasparren Athl\u00e9tic Club","description":"","publisher":{"@id":"https:\/\/www.hasparren-rugby.eus\/eu#organization"},"potentialAction":[{"@type":"SearchAction","target":{"@type":"EntryPoint","urlTemplate":"https:\/\/www.hasparren-rugby.eus\/eu?s={search_term_string}"},"query-input":{"@type":"PropertyValueSpecification","valueRequired":true,"valueName":"search_term_string"}}],"inLanguage":"eu-ES"},{"@type":"Organization","@id":"https:\/\/www.hasparren-rugby.eus\/eu#organization","name":"Hasparren Athl\u00e9tic Club","url":"https:\/\/www.hasparren-rugby.eus\/eu","logo":{"@type":"ImageObject","inLanguage":"eu-ES","@id":"https:\/\/www.hasparren-rugby.eus\/eu#\/schema\/logo\/image\/","url":"https:\/\/www.hasparren-rugby.eus\/wp-content\/uploads\/2024\/03\/cropped-HAC-PNG.png","contentUrl":"https:\/\/www.hasparren-rugby.eus\/wp-content\/uploads\/2024\/03\/cropped-HAC-PNG.png","width":759,"height":897,"caption":"Hasparren Athl\u00e9tic Club"},"image":{"@id":"https:\/\/www.hasparren-rugby.eus\/eu#\/schema\/logo\/image\/"}}]}},"_links":{"self":[{"href":"https:\/\/www.hasparren-rugby.eus\/eu\/wp-json\/wp\/v2\/album\/30404","targetHints":{"allow":["GET"]}}],"collection":[{"href":"https:\/\/www.hasparren-rugby.eus\/eu\/wp-json\/wp\/v2\/album"}],"about":[{"href":"https:\/\/www.hasparren-rugby.eus\/eu\/wp-json\/wp\/v2\/types\/album"}],"wp:featuredmedia":[{"embeddable":true,"href":"https:\/\/www.hasparren-rugby.eus\/eu\/wp-json\/wp\/v2\/media\/30405"}],"wp:attachment":[{"href":"https:\/\/www.hasparren-rugby.eus\/eu\/wp-json\/wp\/v2\/media?parent=30404"}],"wp:term":[{"taxonomy":"category","embeddable":true,"href":"https:\/\/www.hasparren-rugby.eus\/eu\/wp-json\/wp\/v2\/categories?post=30404"},{"taxonomy":"saison","embeddable":true,"href":"https:\/\/www.hasparren-rugby.eus\/eu\/wp-json\/wp\/v2\/saison?post=30404"}],"curies":[{"name":"wp","href":"https:\/\/api.w.org\/{rel}","templated":true}]}}